{"id":17176,"date":"2021-07-30T15:20:31","date_gmt":"2021-07-30T12:20:31","guid":{"rendered":"https:\/\/ageo.ro\/biz\/?page_id=17176"},"modified":"2023-07-19T16:34:02","modified_gmt":"2023-07-19T13:34:02","slug":"curs-de-specializare-asistent-relatii-publice-si-comunicare-iasi","status":"publish","type":"page","link":"https:\/\/ageo.ro\/biz\/curs-de-specializare-asistent-relatii-publice-si-comunicare-iasi\/","title":{"rendered":"Curs de specializare &#8211; Asistent Rela\u021bii Publice \u0219i Comunicare"},"content":{"rendered":"<div class=\"bt_rc_container\"><section id=\"bt_section69f09a269287d\"  class=\"boldSection gutter\" ><div class=\"port\"><div class=\"boldCell\"><div class=\"boldCellInner\"><div class=\"boldRow \" ><div class=\"boldRowInner\"><div class=\"rowItem col-md-12 col-ms-12  btTextLeft\"  data-width=\"12\"><div class=\"rowItemContent\" ><div class=\"btClear btSeparator topSmallSpaced bottomSmallSpaced noBorder\" ><hr><\/div><div class=\"bpgPhoto btTextCenter\" ><div class = \"btImage\"><img src=\"https:\/\/ageo.ro\/biz\/wp-content\/uploads\/2023\/07\/OFA-BUCURESTI-27.06-cover.png\" alt=\"https:\/\/ageo.ro\/biz\/wp-content\/uploads\/2023\/07\/OFA-BUCURESTI-27.06-cover.png\" ><\/div><\/div><div class=\"btClear btSeparator topSmallSpaced bottomSmallSpaced noBorder\" ><hr><\/div><a href=\"https:\/\/forms.gle\/NrRNNJFUUuHgQ7uz9\" class=\"btBtn btBtn btnFilledStyle btnAccentColor btnSmall btnNormalWidth btnInlinePosition btnNoIcon\" ><span class=\"btnInnerText\">\u00censcrie-te acum!<\/span><\/a><div class=\"btClear btSeparator topSmallSpaced bottomSmallSpaced noBorder\" ><hr><\/div><div class=\"btText\" ><p style=\"text-align: justify;\">AGEO Events v\u0103 invit\u0103 la cursul specializat de <strong>Asistent Rela\u021bii Publice \u0219i Comunicare<\/strong>, curs acreditat ANC.<\/p>\n<p style=\"text-align: justify;\"><strong>Cursul Asistent Rela\u021bii Publice \u0219i Comunicare<\/strong> (cod COR 333906 &#8211; studii medii) se adreseaz\u0103 persoanelor interesate s\u0103 \u00ee\u0219i desf\u0103\u0219oare activitatea \u00een cadrul departamentelor de <em>marketing, rela\u021bii publice<\/em> \u0219i<em> comunicare<\/em>. Asistentul de rela\u021bii publice \u0219i comunicare este persoana care intermediaz\u0103 comunicarea dintre organiza\u021bie \u0219i publicul s\u0103u, gestion\u00e2nd imaginea organiza\u021biei \u0219i contribuind semnificativ la \u00eendeplinirea obiectivelor acesteia.<\/p>\n<\/div><div class=\"btText\" ><p style=\"text-align: justify;\">Programul de formare ofer\u0103 competen\u021be \u00een domeniul tehnicilor de comunicare \u0219i rela\u021bii publice, managementul echipelor multidisciplinare, a comunic\u0103rii interpersonal, managementului situa\u021biilor de criz\u0103 \u0219i organiz\u0103rii de evenimente, realizarea de materiale \u0219i eficientizarea programelor de rela\u021bii publice.<\/p>\n<p style=\"text-align: justify;\">La finalul cursului participan\u021bii vor putea s\u0103 elaboreze \u0219i s\u0103 gestioneze eficient o campanie de comunicare si relatii publice si vor cunoaste toate competen\u021bele specifice ocupa\u021biei de Asistent rela\u021bii publice \u0219i comunicare.<\/p>\n<\/div><div class=\"btText\" ><p style=\"text-align: justify;\">Cursul este organizat \u00een conformitate cu metodologia \u00een vigoare \u0219i va miza pe ob\u021binerea competen\u021belor specifice, \u00een str\u00e2ns\u0103 leg\u0103tur\u0103 cu standardul ocupa\u021bional:<br \/>\n1. Munca \u00een echipe multidisciplinare;<br \/>\n2. Dezvoltare profesional\u0103;<br \/>\n3. Comunicare interactiv\u0103;<br \/>\n4. Comunicare interpersonal\u0103;<br \/>\n5. Planificarea activit\u0103\u021bii proprii;<br \/>\n6. Realizarea materialelor;<br \/>\n7. Organizarea de evenimente;<br \/>\n8. Organizarea campaniilor integrate;<br \/>\n9. Evaluarea eficien\u021bei programelor de rela\u021bii publice;<br \/>\n10. Eficientizarea comunic\u0103rii \u00een organiza\u021bie;<br \/>\n11. Men\u021binerea rela\u021biilor cu mass-media.<br \/>\n12. Preg\u0103tirea \u00eent\u00e2lnirilor de lucru<\/p>\n<\/div><div class=\"btText\" ><p style=\"text-align: justify;\"><strong><span style=\"color: #c82f72;\">Durata de preg\u0103tire teoretic\u0103 \u0219i practic\u0103:<\/span><\/strong> 60 de ore<\/p>\n<p style=\"text-align: justify;\"><strong><span style=\"color: #c82f72;\">Cerin\u021be acces pentru \u00eenscriere:<\/span> <\/strong>studii medii cu diplom\u0103 de bacalaureat<\/p>\n<p style=\"text-align: justify;\"><strong><span style=\"color: #c82f72;\">Acte necesare pentru \u00eenscriere:<\/span><\/strong><\/p>\n<p>&#8211; Copie dup\u0103 actul de identitate;<br \/>\n&#8211; Copie Certificat de c\u0103s\u0103torie (dac\u0103 este cazul);<br \/>\n&#8211; Copie Certificat de na\u0219tere;<br \/>\n&#8211; Copie dup\u0103 actele de studii;<br \/>\n&#8211; Alte documente, la solicitarea furnizorului de formare.<\/p>\n<\/div><div class=\"btText\" ><p style=\"text-align: justify;\"><span style=\"color: #c82f72;\"><strong>FORMATOR:<\/strong><\/span><\/p>\n<p style=\"text-align: justify;\"><span style=\"color: #c82f72;\">Drd. Ec. Amalia Georgescu<\/span>, cu peste 18 ani de experien\u021b\u0103 \u00een domeniu.<\/p>\n<p style=\"text-align: justify;\">Amalia Georgescu gestioneaz\u0103 <strong>AGEO Events,<\/strong> este coach, speaker, moderator, trainer autorizat ANC, evaluator proiecte, consultant specialist \u00een marketing \u015fi rela\u0163ii publice, event management specialist, trainer-coordonator al Focus Business School Rom\u00e2nia \u015fi ambasador al Funda\u0163iei StarofHope Rom\u00e2nia.<\/p>\n<p style=\"text-align: justify;\">De peste 15 ani, organizeaz\u0103 evenimente private \u015fi corporate, teambuildinguri \u015fi traininguri pe teme precum: Branding Personal, Management de Eveniment, Event Based Marketing Strategies, Competen\u0163e Antreprenoriale, Marketing \u015fi Rela\u0163ii Publice, Public Speaking etc.<\/p>\n<p style=\"text-align: justify;\">Crede c\u0103 prin cunoa\u015fterea de sine, prin definirea scopului \u015fi a pasiunilor, zi de zi putem face cu pl\u0103cere orice ne propunem. Amalia este pasionat\u0103 de c\u0103l\u0103torii, c\u0103r\u0163i de marketing, psihologie \u015fi dezvoltare persoanal\u0103, muzica anilor \u201880-90 \u015fi de orice poate \u00eenfrumuse\u0163a via\u0163a. Consider\u0103 c\u0103 prin investi\u0163ia \u00een propria persoan\u0103 \u015fi prin cre\u015fterea \u00eencrederii \u00een sine este mult mai u\u015for s\u0103 d\u0103ruim celor din jur, s\u0103 ne implic\u0103m \u00een proiectele societ\u0103\u0163ii, s\u0103 iubim, s\u0103 fim responsabili cu deciziile luate \u015fi s\u0103 facem cu adev\u0103rat diferen\u0163a acolo unde ne afl\u0103m.<\/p>\n<p style=\"text-align: justify;\"><strong>Motto-ul ei: \u201cF\u0103 ceea ce \u00ee\u0163i place, dar ai grij\u0103 s\u0103 \u00ee\u0163i fac\u0103 bine ceea ce \u00ee\u0163i place.\u201d<\/strong><\/p>\n<p style=\"text-align: justify;\">Mai multe informa\u021bii despre activitatea sa profesional\u0103 sunt disponibile la adresa <a href=\"https:\/\/amaliageorgescu.ro\/\"><span style=\"color: #c82f72;\">www.amaliageorgescu.ro<\/span><\/a>.<\/p>\n<\/div><div class=\"btClear btSeparator topSmallSpaced bottomSmallSpaced noBorder\" ><hr><\/div><a href=\"https:\/\/forms.gle\/NrRNNJFUUuHgQ7uz9\" class=\"btBtn btBtn btnFilledStyle btnAccentColor btnSmall btnNormalWidth btnInlinePosition btnNoIcon\" ><span class=\"btnInnerText\">\u00censcrie-te acum!<\/span><\/a><\/div><\/div><\/div><\/div><\/div><\/div><\/div><\/section><\/div>","protected":false},"excerpt":{"rendered":"","protected":false},"author":1,"featured_media":18241,"parent":0,"menu_order":0,"comment_status":"closed","ping_status":"closed","template":"","meta":[],"yst_prominent_words":[],"_links":{"self":[{"href":"https:\/\/ageo.ro\/biz\/wp-json\/wp\/v2\/pages\/17176"}],"collection":[{"href":"https:\/\/ageo.ro\/biz\/wp-json\/wp\/v2\/pages"}],"about":[{"href":"https:\/\/ageo.ro\/biz\/wp-json\/wp\/v2\/types\/page"}],"author":[{"embeddable":true,"href":"https:\/\/ageo.ro\/biz\/wp-json\/wp\/v2\/users\/1"}],"replies":[{"embeddable":true,"href":"https:\/\/ageo.ro\/biz\/wp-json\/wp\/v2\/comments?post=17176"}],"version-history":[{"count":20,"href":"https:\/\/ageo.ro\/biz\/wp-json\/wp\/v2\/pages\/17176\/revisions"}],"predecessor-version":[{"id":18243,"href":"https:\/\/ageo.ro\/biz\/wp-json\/wp\/v2\/pages\/17176\/revisions\/18243"}],"wp:featuredmedia":[{"embeddable":true,"href":"https:\/\/ageo.ro\/biz\/wp-json\/wp\/v2\/media\/18241"}],"wp:attachment":[{"href":"https:\/\/ageo.ro\/biz\/wp-json\/wp\/v2\/media?parent=17176"}],"wp:term":[{"taxonomy":"yst_prominent_words","embeddable":true,"href":"https:\/\/ageo.ro\/biz\/wp-json\/wp\/v2\/yst_prominent_words?post=17176"}],"curies":[{"name":"wp","href":"https:\/\/api.w.org\/{rel}","templated":true}]}}